{"version":"1.0","provider_name":"Rauv","provider_url":"https:\/\/rauv.pl\/blog","author_name":"Kasia Marciniak","author_url":"https:\/\/rauv.pl\/blog\/author\/kasia-marciniak\/","title":"Tapeta na suficie \u2013 czy warto dekorowa\u0107 \u201epi\u0105t\u0105 \u015bcian\u0119\u201d? - Rauv","type":"rich","width":600,"height":338,"html":"<blockquote class=\"wp-embedded-content\" data-secret=\"S6ncanhct1\"><a href=\"https:\/\/rauv.pl\/blog\/tapeta-na-suficie-czy-warto-dekorowac-piata-sciane\/\">Tapeta na suficie \u2013 czy warto dekorowa\u0107 \u201epi\u0105t\u0105 \u015bcian\u0119\u201d?<\/a><\/blockquote><iframe sandbox=\"allow-scripts\" security=\"restricted\" src=\"https:\/\/rauv.pl\/blog\/tapeta-na-suficie-czy-warto-dekorowac-piata-sciane\/embed\/#?secret=S6ncanhct1\" width=\"600\" height=\"338\" title=\"&#8222;Tapeta na suficie \u2013 czy warto dekorowa\u0107 \u201epi\u0105t\u0105 \u015bcian\u0119\u201d?&#8221; &#8212; Rauv\" data-secret=\"S6ncanhct1\" frameborder=\"0\" marginwidth=\"0\" marginheight=\"0\" scrolling=\"no\" class=\"wp-embedded-content\"><\/iframe><script type=\"text\/javascript\">\n\/* <![CDATA[ *\/\n\/*! This file is auto-generated *\/\n!function(d,l){\"use strict\";l.querySelector&&d.addEventListener&&\"undefined\"!=typeof URL&&(d.wp=d.wp||{},d.wp.receiveEmbedMessage||(d.wp.receiveEmbedMessage=function(e){var t=e.data;if((t||t.secret||t.message||t.value)&&!\/[^a-zA-Z0-9]\/.test(t.secret)){for(var s,r,n,a=l.querySelectorAll('iframe[data-secret=\"'+t.secret+'\"]'),o=l.querySelectorAll('blockquote[data-secret=\"'+t.secret+'\"]'),c=new RegExp(\"^https?:$\",\"i\"),i=0;i<o.length;i++)o[i].style.display=\"none\";for(i=0;i<a.length;i++)s=a[i],e.source===s.contentWindow&&(s.removeAttribute(\"style\"),\"height\"===t.message?(1e3<(r=parseInt(t.value,10))?r=1e3:~~r<200&&(r=200),s.height=r):\"link\"===t.message&&(r=new URL(s.getAttribute(\"src\")),n=new URL(t.value),c.test(n.protocol))&&n.host===r.host&&l.activeElement===s&&(d.top.location.href=t.value))}},d.addEventListener(\"message\",d.wp.receiveEmbedMessage,!1),l.addEventListener(\"DOMContentLoaded\",function(){for(var e,t,s=l.querySelectorAll(\"iframe.wp-embedded-content\"),r=0;r<s.length;r++)(t=(e=s[r]).getAttribute(\"data-secret\"))||(t=Math.random().toString(36).substring(2,12),e.src+=\"#?secret=\"+t,e.setAttribute(\"data-secret\",t)),e.contentWindow.postMessage({message:\"ready\",secret:t},\"*\")},!1)))}(window,document);\n\/\/# sourceURL=https:\/\/rauv.pl\/blog\/wp-includes\/js\/wp-embed.min.js\n\/* ]]> *\/\n<\/script>\n","thumbnail_url":"https:\/\/rauv.pl\/blog\/wp-content\/uploads\/2026\/08\/zdjecia-na-blogi-2.jpg","thumbnail_width":1200,"thumbnail_height":800,"description":"Przez lata sufit pozostawa\u0142 najbardziej przewidywaln\u0105 powierzchni\u0105 we wn\u0119trzu. Bia\u0142y, neutralny i w\u0142a\u015bciwie niewidoczny. Dzi\u015b coraz cz\u0119\u015bciej projektanci patrz\u0105 na niego jak na pi\u0105t\u0105 \u015bcian\u0119, kt\u00f3ra mo\u017ce sta\u0107 si\u0119 pe\u0142noprawnym elementem aran\u017cacji. Tapeta na suficie pozwala podkre\u015bli\u0107 charakter pomieszczenia, wp\u0142yn\u0105\u0107 na jego proporcje, wydzieli\u0107 konkretn\u0105 stref\u0119, a czasem stworzy\u0107 efekt, kt\u00f3rego trudno by\u0142oby osi\u0105gn\u0105\u0107 za [&hellip;]"}